{"id":2770,"date":"2023-12-07T18:48:08","date_gmt":"2023-12-07T18:48:08","guid":{"rendered":"https:\/\/agenteanorte.com\/?post_type=ator-exclusivo&#038;p=2770"},"modified":"2025-01-08T15:15:21","modified_gmt":"2025-01-08T15:15:21","slug":"pedro-filipe-mendes","status":"publish","type":"ator-exclusivo","link":"https:\/\/agenteanorte.com\/en\/atores-exclusivos\/pedro-filipe-mendes\/","title":{"rendered":"Pedro Filipe Mendes"},"content":{"rendered":"<section class=\"wp-block-group single-actor-intro full-screen-group has-global-padding is-layout-constrained wp-block-group-is-layout-constrained\">\n<div class=\"wp-block-columns is-layout-flex wp-container-core-columns-is-layout-28f84493 wp-block-columns-is-layout-flex\">\n<div class=\"wp-block-column single-actor-intro__col-image is-layout-flow wp-block-column-is-layout-flow\">\n<figure class=\"wp-block-image size-full\"><img loading=\"lazy\" decoding=\"async\" width=\"998\" height=\"998\" src=\"https:\/\/agenteanorte.com\/wp-content\/uploads\/2023\/12\/pedro-filipe-mendes-0.png\" alt=\"\" class=\"wp-image-2772\" style=\"aspect-ratio:1;object-fit:cover\" srcset=\"https:\/\/agenteanorte.com\/wp-content\/uploads\/2023\/12\/pedro-filipe-mendes-0.png 998w, https:\/\/agenteanorte.com\/wp-content\/uploads\/2023\/12\/pedro-filipe-mendes-0-300x300.png 300w, https:\/\/agenteanorte.com\/wp-content\/uploads\/2023\/12\/pedro-filipe-mendes-0-150x150.png 150w, https:\/\/agenteanorte.com\/wp-content\/uploads\/2023\/12\/pedro-filipe-mendes-0-768x768.png 768w, https:\/\/agenteanorte.com\/wp-content\/uploads\/2023\/12\/pedro-filipe-mendes-0-50x50.png 50w, https:\/\/agenteanorte.com\/wp-content\/uploads\/2023\/12\/pedro-filipe-mendes-0-12x12.png 12w\" sizes=\"auto, (max-width: 998px) 100vw, 998px\" \/><\/figure>\n<\/div>\n\n\n\n<div class=\"wp-block-column single-actor-intro__col-details is-layout-flow wp-block-column-is-layout-flow\">\n<div class=\"wp-block-group has-global-padding is-layout-constrained wp-block-group-is-layout-constrained\"><h2 class=\"wp-block-post-title\">Pedro Filipe Mendes<\/h2>\n\n\n<p class=\"actor-birth-year\">1986<\/p>\n\n\n\n<ul class=\"wp-block-social-links is-style-logos-only is-layout-flex wp-block-social-links-is-layout-flex\"><li class=\"wp-social-link wp-social-link-instagram  wp-block-social-link\"><a rel=\"noopener nofollow\" target=\"_blank\" href=\"https:\/\/www.instagram.com\/_pfmendes_\" class=\"wp-block-social-link-anchor\"><svg width=\"24\" height=\"24\" viewbox=\"0 0 24 24\" version=\"1.1\" xmlns=\"http:\/\/www.w3.org\/2000\/svg\" aria-hidden=\"true\" focusable=\"false\"><path d=\"M12,4.622c2.403,0,2.688,0.009,3.637,0.052c0.877,0.04,1.354,0.187,1.671,0.31c0.42,0.163,0.72,0.358,1.035,0.673 c0.315,0.315,0.51,0.615,0.673,1.035c0.123,0.317,0.27,0.794,0.31,1.671c0.043,0.949,0.052,1.234,0.052,3.637 s-0.009,2.688-0.052,3.637c-0.04,0.877-0.187,1.354-0.31,1.671c-0.163,0.42-0.358,0.72-0.673,1.035 c-0.315,0.315-0.615,0.51-1.035,0.673c-0.317,0.123-0.794,0.27-1.671,0.31c-0.949,0.043-1.233,0.052-3.637,0.052 s-2.688-0.009-3.637-0.052c-0.877-0.04-1.354-0.187-1.671-0.31c-0.42-0.163-0.72-0.358-1.035-0.673 c-0.315-0.315-0.51-0.615-0.673-1.035c-0.123-0.317-0.27-0.794-0.31-1.671C4.631,14.688,4.622,14.403,4.622,12 s0.009-2.688,0.052-3.637c0.04-0.877,0.187-1.354,0.31-1.671c0.163-0.42,0.358-0.72,0.673-1.035 c0.315-0.315,0.615-0.51,1.035-0.673c0.317-0.123,0.794-0.27,1.671-0.31C9.312,4.631,9.597,4.622,12,4.622 M12,3 C9.556,3,9.249,3.01,8.289,3.054C7.331,3.098,6.677,3.25,6.105,3.472C5.513,3.702,5.011,4.01,4.511,4.511 c-0.5,0.5-0.808,1.002-1.038,1.594C3.25,6.677,3.098,7.331,3.054,8.289C3.01,9.249,3,9.556,3,12c0,2.444,0.01,2.751,0.054,3.711 c0.044,0.958,0.196,1.612,0.418,2.185c0.23,0.592,0.538,1.094,1.038,1.594c0.5,0.5,1.002,0.808,1.594,1.038 c0.572,0.222,1.227,0.375,2.185,0.418C9.249,20.99,9.556,21,12,21s2.751-0.01,3.711-0.054c0.958-0.044,1.612-0.196,2.185-0.418 c0.592-0.23,1.094-0.538,1.594-1.038c0.5-0.5,0.808-1.002,1.038-1.594c0.222-0.572,0.375-1.227,0.418-2.185 C20.99,14.751,21,14.444,21,12s-0.01-2.751-0.054-3.711c-0.044-0.958-0.196-1.612-0.418-2.185c-0.23-0.592-0.538-1.094-1.038-1.594 c-0.5-0.5-1.002-0.808-1.594-1.038c-0.572-0.222-1.227-0.375-2.185-0.418C14.751,3.01,14.444,3,12,3L12,3z M12,7.378 c-2.552,0-4.622,2.069-4.622,4.622S9.448,16.622,12,16.622s4.622-2.069,4.622-4.622S14.552,7.378,12,7.378z M12,15 c-1.657,0-3-1.343-3-3s1.343-3,3-3s3,1.343,3,3S13.657,15,12,15z M16.804,6.116c-0.596,0-1.08,0.484-1.08,1.08 s0.484,1.08,1.08,1.08c0.596,0,1.08-0.484,1.08-1.08S17.401,6.116,16.804,6.116z\"><\/path><\/svg><span class=\"wp-block-social-link-label screen-reader-text\">Instagram<\/span><\/a><\/li>\n\n\n\n<\/ul>\n\n\n\n<div class=\"wp-block-group single-actor-intro__button-group is-content-justification-space-between is-nowrap is-layout-flex wp-container-core-group-is-layout-cb46ffcb wp-block-group-is-layout-flex\">\n<div class=\"wp-block-buttons is-layout-flex wp-block-buttons-is-layout-flex\">\n<div class=\"wp-block-button\"><a class=\"wp-block-button__link wp-element-button\" href=\"mailto:agenteanorte@gmail.com?subject=Pedido de informa\u00e7\u00f5es \/ Pedro Filipe Mendes\">Request information<\/a><\/div>\n<\/div>\n\n\n\n<div class=\"wp-block-group social-share is-nowrap is-layout-flex wp-container-core-group-is-layout-6c531013 wp-block-group-is-layout-flex\">\n<p>Share:<\/p>\n\n\n\n<div class=\"wp-block-uagb-social-share uagb-social-share__outer-wrap uagb-social-share__layout-horizontal uagb-block-ce49e658\">\n<div class=\"wp-block-uagb-social-share-child uagb-ss-repeater uagb-ss__wrapper uagb-block-a645455a\"><span class=\"uagb-ss__link\" data-href=\"https:\/\/www.facebook.com\/sharer.php?u=\" tabindex=\"0\" role=\"button\" aria-label=\"facebook\"><span class=\"uagb-ss__source-wrap\"><span class=\"uagb-ss__source-icon\"><svg xmlns=\"https:\/\/www.w3.org\/2000\/svg\" viewbox=\"0 0 512 512\"><path d=\"M504 256C504 119 393 8 256 8S8 119 8 256c0 123.8 90.69 226.4 209.3 245V327.7h-63V256h63v-54.64c0-62.15 37-96.48 93.67-96.48 27.14 0 55.52 4.84 55.52 4.84v61h-31.28c-30.8 0-40.41 19.12-40.41 38.73V256h68.78l-11 71.69h-57.78V501C413.3 482.4 504 379.8 504 256z\"><\/path><\/svg><\/span><\/span><\/span><\/div>\n\n\n\n<div class=\"wp-block-uagb-social-share-child uagb-ss-repeater uagb-ss__wrapper uagb-block-41b16a02\"><span class=\"uagb-ss__link\" data-href=\"https:\/\/twitter.com\/share?url=\" tabindex=\"0\" role=\"button\" aria-label=\"twitter\"><span class=\"uagb-ss__source-wrap\"><span class=\"uagb-ss__source-icon\"><svg xmlns=\"https:\/\/www.w3.org\/2000\/svg\" viewbox=\"0 0 448 512\"><path d=\"M400 32H48C21.5 32 0 53.5 0 80v352c0 26.5 21.5 48 48 48h352c26.5 0 48-21.5 48-48V80c0-26.5-21.5-48-48-48zm-48.9 158.8c.2 2.8 .2 5.7 .2 8.5 0 86.7-66 186.6-186.6 186.6-37.2 0-71.7-10.8-100.7-29.4 5.3 .6 10.4 .8 15.8 .8 30.7 0 58.9-10.4 81.4-28-28.8-.6-53-19.5-61.3-45.5 10.1 1.5 19.2 1.5 29.6-1.2-30-6.1-52.5-32.5-52.5-64.4v-.8c8.7 4.9 18.9 7.9 29.6 8.3a65.45 65.45 0 0 1 -29.2-54.6c0-12.2 3.2-23.4 8.9-33.1 32.3 39.8 80.8 65.8 135.2 68.6-9.3-44.5 24-80.6 64-80.6 18.9 0 35.9 7.9 47.9 20.7 14.8-2.8 29-8.3 41.6-15.8-4.9 15.2-15.2 28-28.8 36.1 13.2-1.4 26-5.1 37.8-10.2-8.9 13.1-20.1 24.7-32.9 34z\"><\/path><\/svg><\/span><\/span><\/span><\/div>\n\n\n\n<div class=\"wp-block-uagb-social-share-child uagb-ss-repeater uagb-ss__wrapper uagb-block-de127002\"><span class=\"uagb-ss__link\" data-href=\"https:\/\/www.linkedin.com\/shareArticle?url=\" tabindex=\"0\" role=\"button\" aria-label=\"linkedin\"><span class=\"uagb-ss__source-wrap\"><span class=\"uagb-ss__source-icon\"><svg xmlns=\"https:\/\/www.w3.org\/2000\/svg\" viewbox=\"0 0 448 512\"><path d=\"M416 32H31.9C14.3 32 0 46.5 0 64.3v383.4C0 465.5 14.3 480 31.9 480H416c17.6 0 32-14.5 32-32.3V64.3c0-17.8-14.4-32.3-32-32.3zM135.4 416H69V202.2h66.5V416zm-33.2-243c-21.3 0-38.5-17.3-38.5-38.5S80.9 96 102.2 96c21.2 0 38.5 17.3 38.5 38.5 0 21.3-17.2 38.5-38.5 38.5zm282.1 243h-66.4V312c0-24.8-.5-56.7-34.5-56.7-34.6 0-39.9 27-39.9 54.9V416h-66.4V202.2h63.7v29.2h.9c8.9-16.8 30.6-34.5 62.9-34.5 67.2 0 79.7 44.3 79.7 101.9V416z\"><\/path><\/svg><\/span><\/span><\/span><\/div>\n\n\n\n<div class=\"wp-block-uagb-social-share-child uagb-ss-repeater uagb-ss__wrapper uagb-block-1f8f8d42\"><span class=\"uagb-ss__link\" data-href=\"mailto:?body=\" tabindex=\"0\" role=\"button\" aria-label=\"email\"><span class=\"uagb-ss__source-wrap\"><span class=\"uagb-ss__source-icon\"><svg xmlns=\"https:\/\/www.w3.org\/2000\/svg\" viewbox=\"0 0 512 512\"><path d=\"M464 64C490.5 64 512 85.49 512 112C512 127.1 504.9 141.3 492.8 150.4L275.2 313.6C263.8 322.1 248.2 322.1 236.8 313.6L19.2 150.4C7.113 141.3 0 127.1 0 112C0 85.49 21.49 64 48 64H464zM217.6 339.2C240.4 356.3 271.6 356.3 294.4 339.2L512 176V384C512 419.3 483.3 448 448 448H64C28.65 448 0 419.3 0 384V176L217.6 339.2z\"><\/path><\/svg><\/span><\/span><\/span><\/div>\n<\/div>\n<\/div>\n<\/div>\n<\/div>\n<\/div>\n<\/div>\n\n\n<div id=\"gutenslider-vl9me7tkk\" class=\"wp-block-eedee-block-gutenslider gs-frontend content-change alignnone arrow-style-1 arrow-position-sides arrow-mb-none arrows-lg arrows-md arrows-sm dot-style-1 dots-lg-none dots-md-none dots-sm-none dot-position-bottom is-position-bottom-left mb-none lg-zoom-icon wrap-auto-height\" data-parallax-direction=\"down\" data-parallax-amount=\"1.3\" data-lg-transition=\"lg-slide\" data-hash=\"\" ><div class=\"eedee-swiper-outer\" style=\"--gutenslider-min-height: 75vh;--gutenslider-arrow-size: 24px;--gutenslider-dot-size: 25px;--gutenslider-arrow-color: #ffffff;--gutenslider-dot-color: #ffffff;--gutenslider-padding-y-mobile: 40px;--gutenslider-padding-x-mobile: 40px;--gutenslider-padding-y-tablet: 40px;--gutenslider-padding-x-tablet: 40px;--gutenslider-padding-y-desktop: 40px;--gutenslider-padding-x-desktop: 40px;--gutenslider-bg-image: url();--gutenslider-min-height-md: 50vh;--gutenslider-min-height-sm: 50vh;--gutenslider-padding-x: 0px;--gutenslider-padding-x-md: 0px;--gutenslider-padding-x-sm: 0px;--gutenslider-padding-y: 0px;--gutenslider-padding-y-md: 0px;--gutenslider-padding-y-sm: 0px;--gutenslider-arrow-size-md: 24px;--gutenslider-arrow-size-sm: 24px;--gutenslider-dot-size-md: 25px;--gutenslider-dot-size-sm: 25px;--gutenslider-arrow-bg-color: transparent;--gutenslider-arrow-hover-color: #ffffffbb;--gutenslider-arrow-bg-hover-color: transparent;--gutenslider-arrow-x-offset: 10px;--gutenslider-arrow-x-offset-md: 10px;--gutenslider-arrow-x-offset-sm: 10px;--gutenslider-arrow-y-offset: 0px;--gutenslider-arrow-y-offset-md: 0px;--gutenslider-arrow-y-offset-sm: 0px;--gutenslider-arrow-x-spacing: 0px;--gutenslider-dot-y-offset: 10px;--gutenslider-dot-y-offset-md: 10px;--gutenslider-dot-y-offset-sm: 10px;--gutenslider-margin-x: 0px;--gutenslider-margin-x-md: 0px;--gutenslider-margin-x-sm: 0px;--gutenslider-margin-y: 0px;--gutenslider-margin-y-md: 0px;--gutenslider-margin-y-sm: 0px;--gutenslider-divider-top: 60px;--gutenslider-divider-bottom: 60px;--gutenslider-lightgallery-bg: #ffffff;--gutenslider-lightgallery-font: #000000;--gs-first-pos: 50% 50%;--gs-gap-vertical: var( --wp--style--gallery-gap-default, var( --gallery-block--gutter-size, var( --wp--style--block-gap, 0.5em ) ) );--gs-gap-horizontal: var( --wp--style--gallery-gap-default, var( --gallery-block--gutter-size, var( --wp--style--block-gap, 0.5em ) ) );\"><div class=\"gutenslider-divider-top\" style=\"color:#fff;\"><\/div><div class=\"swiper\" data-settings='{\"autoplay\":false,\"speed\":700,\"direction\":\"horizontal\",\"autoHeight\":\"\",\"loop\":false,\"centeredSlides\":false,\"spaceBetween\":0,\"slidesPerView\":\"auto\",\"slidesPerGroup\":1,\"effect\":\"slide\",\"coverflowEffect\":{\"rotate\":30,\"slideShadows\":false,\"depth\":100,\"stretch\":50,\"modifier\":1},\"fadeEffect\":{\"crossFade\":true},\"zoom\":\"\",\"navigation\":{\"nextEl\":\"#gutenslider-vl9me7tkk .eedee-gutenslider-next\",\"prevEl\":\"#gutenslider-vl9me7tkk .eedee-gutenslider-prev\"},\"pagination\":{\"type\":\"bullets\",\"clickable\":true,\"dynamicBullets\":false,\"el\":\"#gutenslider-vl9me7tkk .eedee-gutenslider-pagination\"},\"pauseOnHover\":\"1\",\"watchSlidesProgress\":true,\"watchSlidesVisibility\":true,\"settingsMd\":{\"autoHeight\":\"\",\"slidesPerView\":\"auto\",\"slidesPerGroup\":1,\"spaceBetween\":0,\"loop\":false},\"settingsLg\":{\"autoHeight\":\"\",\"slidesPerView\":\"auto\",\"slidesPerGroup\":1,\"spaceBetween\":0,\"loop\":false},\"hasLg\":true,\"hasLgCounter\":true,\"isFullScreen\":false,\"arrowsFollowMouse\":false,\"lgTitle\":\"none\",\"lgCaption\":\"none\",\"lgThumbnails\":false,\"lgZoomEnabled\":false,\"keyboard\":{\"keyboard\":{\"enabled\":true,\"onlyInViewport\":true}},\"hashNavigation\":false,\"dividers\":false}'><div class=\"swiper-wrapper\">\n<div class=\"swiper-slide wp-block-eedee-block-gutenslide is-position-bottom-left ed-bg-image\" style=\"--ed-vw:200;--ed-vh:300;\" data-hash=\"\"><div class=\"eedee-background-div bg-image\"><img loading=\"lazy\" width=\"800\" height=\"1200\" class=\"wp-image-2773\" src=\"https:\/\/agenteanorte.com\/wp-content\/uploads\/2023\/12\/pedro-filipe-mendes-1-800x1200.jpg\" alt=\"\" decoding=\"async\" style=\"object-fit: cover; object-position: 50% 50%;\"  data-title=\"pedro-filipe-mendes-1\" srcset=\"https:\/\/agenteanorte.com\/wp-content\/uploads\/2023\/12\/pedro-filipe-mendes-1-800x1200.jpg 800w, https:\/\/agenteanorte.com\/wp-content\/uploads\/2023\/12\/pedro-filipe-mendes-1-200x300.jpg 200w, https:\/\/agenteanorte.com\/wp-content\/uploads\/2023\/12\/pedro-filipe-mendes-1-768x1152.jpg 768w, https:\/\/agenteanorte.com\/wp-content\/uploads\/2023\/12\/pedro-filipe-mendes-1-50x75.jpg 50w, https:\/\/agenteanorte.com\/wp-content\/uploads\/2023\/12\/pedro-filipe-mendes-1-8x12.jpg 8w, https:\/\/agenteanorte.com\/wp-content\/uploads\/2023\/12\/pedro-filipe-mendes-1.jpg 1000w\" sizes=\"auto, (max-width: 800px) 100vw, 800px\" \/><div class=\"eedee-background-div__overlay\" style=\"opacity:1;\"><\/div><\/div><div class=\"slide-content\">\n\n<p class=\"has-text-align-center gutenslider-content-initial has-larger-font-size\"><\/p>\n\n<\/div><\/div>\n\n<div class=\"swiper-slide wp-block-eedee-block-gutenslide is-position-bottom-left ed-bg-image\" style=\"--ed-vw:200;--ed-vh:300;\" data-hash=\"\"><div class=\"eedee-background-div bg-image\"><img loading=\"lazy\" width=\"800\" height=\"1200\" class=\"wp-image-2774\" src=\"https:\/\/agenteanorte.com\/wp-content\/uploads\/2023\/12\/pedro-filipe-mendes-2-800x1200.png\" alt=\"\" decoding=\"async\" style=\"object-fit: cover; object-position: 50% 50%;\"  data-title=\"pedro-filipe-mendes-2\" srcset=\"https:\/\/agenteanorte.com\/wp-content\/uploads\/2023\/12\/pedro-filipe-mendes-2-800x1200.png 800w, https:\/\/agenteanorte.com\/wp-content\/uploads\/2023\/12\/pedro-filipe-mendes-2-200x300.png 200w, https:\/\/agenteanorte.com\/wp-content\/uploads\/2023\/12\/pedro-filipe-mendes-2-768x1152.png 768w, https:\/\/agenteanorte.com\/wp-content\/uploads\/2023\/12\/pedro-filipe-mendes-2-50x75.png 50w, https:\/\/agenteanorte.com\/wp-content\/uploads\/2023\/12\/pedro-filipe-mendes-2-1024x1536.png 1024w, https:\/\/agenteanorte.com\/wp-content\/uploads\/2023\/12\/pedro-filipe-mendes-2-8x12.png 8w, https:\/\/agenteanorte.com\/wp-content\/uploads\/2023\/12\/pedro-filipe-mendes-2.png 1150w\" sizes=\"auto, (max-width: 800px) 100vw, 800px\" \/><div class=\"eedee-background-div__overlay\" style=\"opacity:1;\"><\/div><\/div><div class=\"slide-content\">\n\n<p class=\"has-text-align-center gutenslider-content-initial has-larger-font-size\"><\/p>\n\n<\/div><\/div>\n\n<div class=\"swiper-slide wp-block-eedee-block-gutenslide is-position-bottom-left ed-bg-image\" style=\"--ed-vw:200;--ed-vh:300;\" data-hash=\"\"><div class=\"eedee-background-div bg-image\"><img loading=\"lazy\" width=\"800\" height=\"1200\" class=\"wp-image-2775\" src=\"https:\/\/agenteanorte.com\/wp-content\/uploads\/2023\/12\/pedro-filipe-mendes-3-800x1200.png\" alt=\"\" decoding=\"async\" style=\"object-fit: cover; object-position: 50% 50%;\"  data-title=\"pedro-filipe-mendes-3\" srcset=\"https:\/\/agenteanorte.com\/wp-content\/uploads\/2023\/12\/pedro-filipe-mendes-3-800x1200.png 800w, https:\/\/agenteanorte.com\/wp-content\/uploads\/2023\/12\/pedro-filipe-mendes-3-200x300.png 200w, https:\/\/agenteanorte.com\/wp-content\/uploads\/2023\/12\/pedro-filipe-mendes-3-768x1152.png 768w, https:\/\/agenteanorte.com\/wp-content\/uploads\/2023\/12\/pedro-filipe-mendes-3-50x75.png 50w, https:\/\/agenteanorte.com\/wp-content\/uploads\/2023\/12\/pedro-filipe-mendes-3-1024x1536.png 1024w, https:\/\/agenteanorte.com\/wp-content\/uploads\/2023\/12\/pedro-filipe-mendes-3-8x12.png 8w, https:\/\/agenteanorte.com\/wp-content\/uploads\/2023\/12\/pedro-filipe-mendes-3.png 1065w\" sizes=\"auto, (max-width: 800px) 100vw, 800px\" \/><div class=\"eedee-background-div__overlay\" style=\"opacity:1;\"><\/div><\/div><div class=\"slide-content\">\n\n<p class=\"has-text-align-center gutenslider-content-initial has-larger-font-size\"><\/p>\n\n<\/div><\/div>\n\n<div class=\"swiper-slide wp-block-eedee-block-gutenslide is-position-bottom-left ed-bg-image\" style=\"--ed-vw:300;--ed-vh:200;\" data-hash=\"\"><div class=\"eedee-background-div bg-image\"><img loading=\"lazy\" width=\"1200\" height=\"800\" class=\"wp-image-2776\" src=\"https:\/\/agenteanorte.com\/wp-content\/uploads\/2023\/12\/pedro-filipe-mendes-4-1200x800.jpg\" alt=\"\" decoding=\"async\" style=\"object-fit: cover; object-position: 50% 50%;\"  data-title=\"pedro-filipe-mendes-4\" srcset=\"https:\/\/agenteanorte.com\/wp-content\/uploads\/2023\/12\/pedro-filipe-mendes-4-1200x800.jpg 1200w, https:\/\/agenteanorte.com\/wp-content\/uploads\/2023\/12\/pedro-filipe-mendes-4-300x200.jpg 300w, https:\/\/agenteanorte.com\/wp-content\/uploads\/2023\/12\/pedro-filipe-mendes-4-768x512.jpg 768w, https:\/\/agenteanorte.com\/wp-content\/uploads\/2023\/12\/pedro-filipe-mendes-4-50x33.jpg 50w, https:\/\/agenteanorte.com\/wp-content\/uploads\/2023\/12\/pedro-filipe-mendes-4-18x12.jpg 18w, https:\/\/agenteanorte.com\/wp-content\/uploads\/2023\/12\/pedro-filipe-mendes-4.jpg 1500w\" sizes=\"auto, (max-width: 1200px) 100vw, 1200px\" \/><div class=\"eedee-background-div__overlay\" style=\"opacity:1;\"><\/div><\/div><div class=\"slide-content\">\n\n<p class=\"has-text-align-center gutenslider-content-initial has-larger-font-size\"><\/p>\n\n<\/div><\/div>\n<\/div><\/div><button class=\"eedee-gutenslider-nav eedee-gutenslider-prev\"><svg xmlns=\"http:\/\/www.w3.org\/2000\/svg\" viewbox=\"0 0 24 24\" width=\"24\" height=\"24\"><circle class=\"bg\" cx=\"13\" cy=\"12\" r=\"11\" \/><path fill=\"none\" d=\"M0 0h24v24H0z\"\/><path class=\"arrow\" d=\"M10.828 12l4.95 4.95-1.414 1.414L8 12l6.364-6.364 1.414 1.414z\"\/><\/svg><\/button><button class=\"eedee-gutenslider-nav eedee-gutenslider-next\"><svg xmlns=\"http:\/\/www.w3.org\/2000\/svg\" viewbox=\"0 0 24 24\" width=\"24\" height=\"24\"><circle class=\"bg\" cx=\"11\" cy=\"12\" r=\"11\" \/><path fill=\"none\" d=\"M0 0h24v24H0z\"\/><path class=\"arrow\" d=\"M13.172 12l-4.95-4.95 1.414-1.414L16 12l-6.364 6.364-1.414-1.414z\"\/><\/svg><\/button><div class=\"eedee-gutenslider-pagination\"><\/div><div class=\"gutenslider-divider-bottom\" style=\"color:#fff;\"><\/div><\/div><\/div><\/section>\n\n\n\n<section class=\"wp-block-group single-actor-info has-global-padding is-layout-constrained wp-block-group-is-layout-constrained\">\n<div class=\"wp-block-columns is-layout-flex wp-container-core-columns-is-layout-28f84493 wp-block-columns-is-layout-flex\">\n<div class=\"wp-block-column single-actor-info__col-bio is-layout-flow wp-block-column-is-layout-flow\" style=\"flex-basis:66.66%\">\n<h2 class=\"wp-block-heading\">Biography<\/h2>\n\n\n\n<div class=\"wp-block-group single-actor-bio-text has-global-padding is-layout-constrained wp-block-group-is-layout-constrained\">\n<p>Pedro Filipe Mendesnasceu em 1986 na cidade de Olh\u00e3o (Algarve, Portugal), \u00e9 Mestre em\u00a0<em>Teatro_Arte do Ator<\/em>\u00a0e Licenciado em\u00a0<em>Theatre<\/em>\u00a0pela\u00a0<em>Universidade de \u00c9vora<\/em>\u00a0(2004-2009). Inicia o seu percurso teatral em 2001 no grupo escolar\u00a0<em>Teatro da Vida\u00a0<\/em>(Olh\u00e3o, 2001-2004). Em 2004 \u00e9 convidado para integrar o\u00a0<em>Grupo Acad\u00e9mico de Teatro da Universidade de \u00c9vora<\/em>, do qual fez parte at\u00e9 2008 como ator e encenador (FATAL 08 \/ IN PUT 08). Em 2006 estreia-se no teatro profissional com a companhia\u00a0<em>A Bruxa Teatro\u00a0<\/em>(\u00c9vora) e no cinema com Miguel Gon\u00e7alves Mendes (<em>Floripes, a morte de um mito<\/em>). Entre 2006 e 2007 trabalha como animador \u2013\u00a0<em>Palha\u00e7o e Mimo\u00a0<\/em>\u2013<em>,<\/em>\u00a0para empresas privadas (Set\u00fabal\/Palmela). Desde 2007 que acompanha e integra como ator o trabalho de Jorge Parente em Portugal sobre a pedagogia de Corpo e Voz de Zygmunt Molik (<a href=\"http:\/\/www.jorgeparente.com\/\" target=\"_blank\" rel=\"noreferrer noopener\">www.jorgeparente.com<\/a>). Em 2008 colabora com o\u00a0<em>Festival Escrita na Paisagem<\/em>\u00a0(Colec\u00e7\u00e3o B, \u00c9vora) como desenhador de luz, ator e m\u00fasico. A partir de 2009 trabalha regularmente como ator em companhias de teatro (<em>Trigo Limpo Teatro Acert<\/em>,<em>\u00a0A Companhia de Teatro do Algarve &#8211; ACTA<\/em>,\u00a0<em>Palmilha Dentada<\/em>,\u00a0<em>Jo\u00e3o Garcia Miguel<\/em>,\u00a0<em>Com\u00e9dias do Minho<\/em>,\u00a0<em>Teatroesfera<\/em>,\u00a0<em>Teatro da Terra, A Bruxa Teatro, Teatro L\u00edngua, Gato que ladra, 33 \u00c2nimos, LAMA Teatro, M\u00e1kina de Cena, Projecto Ru\u00ednas<\/em>). Trabalha como docente de teatro (Interpreta\u00e7\u00e3o, Movimento, Improvisa\u00e7\u00e3o, Voz) desde 2009 (Olh\u00e3o, Faro, Albufeira, Portim\u00e3o, \u00c9vora, Carcavelos, Montargil, Ponte de S\u00f4r, Viseu, Viana do Castelo, Caminha, Melga\u00e7o, Cedillo (Espanha), Loul\u00e9, Lisboa e Rotello (It\u00e1lia). Enquanto Ator-Investigador criou o LABORAT\u00d3RIO DE PESQUISA E CRIA\u00c7\u00c3O TEATRAL \u2013 oficina de Corpo e Movimento C\u00e9nico aplicado \u00e0 voz e \u00e0 cria\u00e7\u00e3o art\u00edstica. Fundou, em 2016, o grupo informal\u00a0<em>Meninos da Gra\u00e7a_Plataforma de Cria\u00e7\u00e3o Art\u00edstica<\/em>. Ao longo do seu percurso profissional criou e dirigiu cerca de 101 espet\u00e1culos e desenvolveu trabalhos na \u00e1rea do teatro, movimento para atores, voz e a presen\u00e7a. Entre outros, destacam-se os trabalhos com Maria Jo\u00e3o Lu\u00eds, Fernando Gomes, Miguel Sopas, Ricardo Alves, Lu\u00eds Vicente, Lu\u00eds Varela, Fernanda Lapa, Figueira Cid, Pompeu Jos\u00e9, Tiago Porteiro, Andr\u00e9 Gago, Jorge Parente, Jo\u00e3o Ricardo, Renato Ferracini, Guillermo G\u00f3mez-Pe\u00f1a, Guillermo Heras e Simone D\u00b4Angelo. Criou e dirigiu os festivais de teatro\u00a0<em>On Stage<\/em>\u00a0(2023) e<em>\u00a0Corpos de Inverno<\/em>\u00a0(2024 )- Portim\u00e3o (Teatro Municipal de Portim\u00e3o e Agrupamento de Escolas da Bemposta).\u00a0<\/p>\n<\/div>\n<\/div>\n\n\n\n<div class=\"wp-block-column single-actor-info__col-projects is-layout-flow wp-block-column-is-layout-flow\" style=\"flex-basis:33.33%\">\n<h2 class=\"wp-block-heading\">Recent projects<\/h2>\n\n\n\n<ul class=\"single-actor-projects-list wp-block-list\">\n<li><\/li>\n<\/ul>\n<\/div>\n<\/div>\n<\/section>\n\n\n\n<section class=\"wp-block-group single-actor-videos has-global-padding is-layout-constrained wp-block-group-is-layout-constrained\">\n<h2 class=\"wp-block-heading\">Videos<\/h2>\n\n\n\n<div class=\"wp-block-group single-actor-videos-container has-global-padding is-layout-constrained wp-block-group-is-layout-constrained\"><\/div>\n<\/section>","protected":false},"excerpt":{"rendered":"<p>Partilhar: Biografia Pedro Filipe Mendesnasceu em 1986 na cidade de Olh\u00e3o (Algarve, Portugal), \u00e9 Mestre em\u00a0Teatro_Arte do Ator\u00a0e Licenciado em\u00a0Teatro\u00a0pela\u00a0Universidade de \u00c9vora\u00a0(2004-2009). Inicia o seu percurso teatral em 2001 no grupo escolar\u00a0Teatro da Vida\u00a0(Olh\u00e3o, 2001-2004). Em 2004 \u00e9 convidado para integrar o\u00a0Grupo Acad\u00e9mico de Teatro da Universidade de \u00c9vora, do qual fez parte at\u00e9 2008 [&hellip;]<\/p>","protected":false},"featured_media":2771,"template":"","genero":[24],"caracteristica":[],"class_list":["post-2770","ator-exclusivo","type-ator-exclusivo","status-publish","has-post-thumbnail","hentry","genero-masculino"],"acf":[],"yoast_head":"<!-- This site is optimized with the Yoast SEO plugin v25.4 - https:\/\/yoast.com\/wordpress\/plugins\/seo\/ -->\n<title>Pedro Filipe Mendes &#8226; Agente a Norte<\/title>\n<meta name=\"description\" content=\"A Agente a Norte \u00e9 uma ag\u00eancia de actores e produtora sediada no norte de Portugal, no Porto, que representa um vasto leque de profissionais.\" \/>\n<meta name=\"robots\" content=\"index, follow, max-snippet:-1, max-image-preview:large, max-video-preview:-1\" \/>\n<link rel=\"canonical\" href=\"https:\/\/agenteanorte.com\/en\/atores-exclusivos\/pedro-filipe-mendes\/\" \/>\n<meta property=\"og:locale\" content=\"en_GB\" \/>\n<meta property=\"og:type\" content=\"article\" \/>\n<meta property=\"og:title\" content=\"Pedro Filipe Mendes &#8226; Agente a Norte\" \/>\n<meta property=\"og:description\" content=\"A Agente a Norte \u00e9 uma ag\u00eancia de actores e produtora sediada no norte de Portugal, no Porto, que representa um vasto leque de profissionais.\" \/>\n<meta property=\"og:url\" content=\"https:\/\/agenteanorte.com\/en\/atores-exclusivos\/pedro-filipe-mendes\/\" \/>\n<meta property=\"og:site_name\" content=\"Agente a Norte\" \/>\n<meta property=\"article:publisher\" content=\"https:\/\/www.facebook.com\/agenteanorte\/\" \/>\n<meta property=\"article:modified_time\" content=\"2025-01-08T15:15:21+00:00\" \/>\n<meta property=\"og:image\" content=\"https:\/\/agenteanorte.com\/wp-content\/uploads\/2023\/12\/pedro-filipe-mendes-cover.jpg\" \/>\n\t<meta property=\"og:image:width\" content=\"500\" \/>\n\t<meta property=\"og:image:height\" content=\"500\" \/>\n\t<meta property=\"og:image:type\" content=\"image\/jpeg\" \/>\n<meta name=\"twitter:card\" content=\"summary_large_image\" \/>\n<meta name=\"twitter:label1\" content=\"Estimated reading time\" \/>\n\t<meta name=\"twitter:data1\" content=\"2 minutes\" \/>\n<script type=\"application\/ld+json\" class=\"yoast-schema-graph\">{\"@context\":\"https:\/\/schema.org\",\"@graph\":[{\"@type\":\"WebPage\",\"@id\":\"https:\/\/agenteanorte.com\/atores-exclusivos\/pedro-filipe-mendes\/\",\"url\":\"https:\/\/agenteanorte.com\/atores-exclusivos\/pedro-filipe-mendes\/\",\"name\":\"Pedro Filipe Mendes &#8226; Agente a Norte\",\"isPartOf\":{\"@id\":\"https:\/\/agenteanorte.com\/#website\"},\"primaryImageOfPage\":{\"@id\":\"https:\/\/agenteanorte.com\/atores-exclusivos\/pedro-filipe-mendes\/#primaryimage\"},\"image\":{\"@id\":\"https:\/\/agenteanorte.com\/atores-exclusivos\/pedro-filipe-mendes\/#primaryimage\"},\"thumbnailUrl\":\"https:\/\/agenteanorte.com\/wp-content\/uploads\/2023\/12\/pedro-filipe-mendes-cover.jpg\",\"datePublished\":\"2023-12-07T18:48:08+00:00\",\"dateModified\":\"2025-01-08T15:15:21+00:00\",\"description\":\"A Agente a Norte \u00e9 uma ag\u00eancia de actores e produtora sediada no norte de Portugal, no Porto, que representa um vasto leque de profissionais.\",\"breadcrumb\":{\"@id\":\"https:\/\/agenteanorte.com\/atores-exclusivos\/pedro-filipe-mendes\/#breadcrumb\"},\"inLanguage\":\"en-GB\",\"potentialAction\":[{\"@type\":\"ReadAction\",\"target\":[\"https:\/\/agenteanorte.com\/atores-exclusivos\/pedro-filipe-mendes\/\"]}]},{\"@type\":\"ImageObject\",\"inLanguage\":\"en-GB\",\"@id\":\"https:\/\/agenteanorte.com\/atores-exclusivos\/pedro-filipe-mendes\/#primaryimage\",\"url\":\"https:\/\/agenteanorte.com\/wp-content\/uploads\/2023\/12\/pedro-filipe-mendes-cover.jpg\",\"contentUrl\":\"https:\/\/agenteanorte.com\/wp-content\/uploads\/2023\/12\/pedro-filipe-mendes-cover.jpg\",\"width\":500,\"height\":500},{\"@type\":\"BreadcrumbList\",\"@id\":\"https:\/\/agenteanorte.com\/atores-exclusivos\/pedro-filipe-mendes\/#breadcrumb\",\"itemListElement\":[{\"@type\":\"ListItem\",\"position\":1,\"name\":\"In\u00edcio\",\"item\":\"https:\/\/agenteanorte.com\/\"},{\"@type\":\"ListItem\",\"position\":2,\"name\":\"Pedro Filipe Mendes\"}]},{\"@type\":\"WebSite\",\"@id\":\"https:\/\/agenteanorte.com\/#website\",\"url\":\"https:\/\/agenteanorte.com\/\",\"name\":\"Agente a Norte\",\"description\":\"Ag\u00eancia de atores e produtora audiovisual\",\"publisher\":{\"@id\":\"https:\/\/agenteanorte.com\/#organization\"},\"potentialAction\":[{\"@type\":\"SearchAction\",\"target\":{\"@type\":\"EntryPoint\",\"urlTemplate\":\"https:\/\/agenteanorte.com\/?s={search_term_string}\"},\"query-input\":{\"@type\":\"PropertyValueSpecification\",\"valueRequired\":true,\"valueName\":\"search_term_string\"}}],\"inLanguage\":\"en-GB\"},{\"@type\":\"Organization\",\"@id\":\"https:\/\/agenteanorte.com\/#organization\",\"name\":\"Agente a Norte\",\"url\":\"https:\/\/agenteanorte.com\/\",\"logo\":{\"@type\":\"ImageObject\",\"inLanguage\":\"en-GB\",\"@id\":\"https:\/\/agenteanorte.com\/#\/schema\/logo\/image\/\",\"url\":\"https:\/\/agenteanorte.com\/wp-content\/uploads\/2024\/01\/logo-agente-a-norte.jpg\",\"contentUrl\":\"https:\/\/agenteanorte.com\/wp-content\/uploads\/2024\/01\/logo-agente-a-norte.jpg\",\"width\":2000,\"height\":2000,\"caption\":\"Agente a Norte\"},\"image\":{\"@id\":\"https:\/\/agenteanorte.com\/#\/schema\/logo\/image\/\"},\"sameAs\":[\"https:\/\/www.facebook.com\/agenteanorte\/\",\"https:\/\/www.instagram.com\/agenteanorte_oficial\/\",\"https:\/\/vimeo.com\/agenteanorte\",\"https:\/\/www.youtube.com\/@agenteanorte5984\"]}]}<\/script>\n<!-- \/ Yoast SEO plugin. -->","yoast_head_json":{"title":"Pedro Filipe Mendes &#8226; Agente a Norte","description":"A Agente a Norte \u00e9 uma ag\u00eancia de actores e produtora sediada no norte de Portugal, no Porto, que representa um vasto leque de profissionais.","robots":{"index":"index","follow":"follow","max-snippet":"max-snippet:-1","max-image-preview":"max-image-preview:large","max-video-preview":"max-video-preview:-1"},"canonical":"https:\/\/agenteanorte.com\/en\/atores-exclusivos\/pedro-filipe-mendes\/","og_locale":"en_GB","og_type":"article","og_title":"Pedro Filipe Mendes &#8226; Agente a Norte","og_description":"A Agente a Norte \u00e9 uma ag\u00eancia de actores e produtora sediada no norte de Portugal, no Porto, que representa um vasto leque de profissionais.","og_url":"https:\/\/agenteanorte.com\/en\/atores-exclusivos\/pedro-filipe-mendes\/","og_site_name":"Agente a Norte","article_publisher":"https:\/\/www.facebook.com\/agenteanorte\/","article_modified_time":"2025-01-08T15:15:21+00:00","og_image":[{"width":500,"height":500,"url":"https:\/\/agenteanorte.com\/wp-content\/uploads\/2023\/12\/pedro-filipe-mendes-cover.jpg","type":"image\/jpeg"}],"twitter_card":"summary_large_image","twitter_misc":{"Estimated reading time":"2 minutes"},"schema":{"@context":"https:\/\/schema.org","@graph":[{"@type":"WebPage","@id":"https:\/\/agenteanorte.com\/atores-exclusivos\/pedro-filipe-mendes\/","url":"https:\/\/agenteanorte.com\/atores-exclusivos\/pedro-filipe-mendes\/","name":"Pedro Filipe Mendes &#8226; Agente a Norte","isPartOf":{"@id":"https:\/\/agenteanorte.com\/#website"},"primaryImageOfPage":{"@id":"https:\/\/agenteanorte.com\/atores-exclusivos\/pedro-filipe-mendes\/#primaryimage"},"image":{"@id":"https:\/\/agenteanorte.com\/atores-exclusivos\/pedro-filipe-mendes\/#primaryimage"},"thumbnailUrl":"https:\/\/agenteanorte.com\/wp-content\/uploads\/2023\/12\/pedro-filipe-mendes-cover.jpg","datePublished":"2023-12-07T18:48:08+00:00","dateModified":"2025-01-08T15:15:21+00:00","description":"A Agente a Norte \u00e9 uma ag\u00eancia de actores e produtora sediada no norte de Portugal, no Porto, que representa um vasto leque de profissionais.","breadcrumb":{"@id":"https:\/\/agenteanorte.com\/atores-exclusivos\/pedro-filipe-mendes\/#breadcrumb"},"inLanguage":"en-GB","potentialAction":[{"@type":"ReadAction","target":["https:\/\/agenteanorte.com\/atores-exclusivos\/pedro-filipe-mendes\/"]}]},{"@type":"ImageObject","inLanguage":"en-GB","@id":"https:\/\/agenteanorte.com\/atores-exclusivos\/pedro-filipe-mendes\/#primaryimage","url":"https:\/\/agenteanorte.com\/wp-content\/uploads\/2023\/12\/pedro-filipe-mendes-cover.jpg","contentUrl":"https:\/\/agenteanorte.com\/wp-content\/uploads\/2023\/12\/pedro-filipe-mendes-cover.jpg","width":500,"height":500},{"@type":"BreadcrumbList","@id":"https:\/\/agenteanorte.com\/atores-exclusivos\/pedro-filipe-mendes\/#breadcrumb","itemListElement":[{"@type":"ListItem","position":1,"name":"In\u00edcio","item":"https:\/\/agenteanorte.com\/"},{"@type":"ListItem","position":2,"name":"Pedro Filipe Mendes"}]},{"@type":"WebSite","@id":"https:\/\/agenteanorte.com\/#website","url":"https:\/\/agenteanorte.com\/","name":"Agente a Norte","description":"Ag\u00eancia de atores e produtora audiovisual","publisher":{"@id":"https:\/\/agenteanorte.com\/#organization"},"potentialAction":[{"@type":"SearchAction","target":{"@type":"EntryPoint","urlTemplate":"https:\/\/agenteanorte.com\/?s={search_term_string}"},"query-input":{"@type":"PropertyValueSpecification","valueRequired":true,"valueName":"search_term_string"}}],"inLanguage":"en-GB"},{"@type":"Organization","@id":"https:\/\/agenteanorte.com\/#organization","name":"Agente a Norte","url":"https:\/\/agenteanorte.com\/","logo":{"@type":"ImageObject","inLanguage":"en-GB","@id":"https:\/\/agenteanorte.com\/#\/schema\/logo\/image\/","url":"https:\/\/agenteanorte.com\/wp-content\/uploads\/2024\/01\/logo-agente-a-norte.jpg","contentUrl":"https:\/\/agenteanorte.com\/wp-content\/uploads\/2024\/01\/logo-agente-a-norte.jpg","width":2000,"height":2000,"caption":"Agente a Norte"},"image":{"@id":"https:\/\/agenteanorte.com\/#\/schema\/logo\/image\/"},"sameAs":["https:\/\/www.facebook.com\/agenteanorte\/","https:\/\/www.instagram.com\/agenteanorte_oficial\/","https:\/\/vimeo.com\/agenteanorte","https:\/\/www.youtube.com\/@agenteanorte5984"]}]}},"uagb_featured_image_src":{"full":["https:\/\/agenteanorte.com\/wp-content\/uploads\/2023\/12\/pedro-filipe-mendes-cover.jpg",500,500,false],"thumbnail":["https:\/\/agenteanorte.com\/wp-content\/uploads\/2023\/12\/pedro-filipe-mendes-cover-150x150.jpg",150,150,true],"medium":["https:\/\/agenteanorte.com\/wp-content\/uploads\/2023\/12\/pedro-filipe-mendes-cover-300x300.jpg",300,300,true],"medium_large":["https:\/\/agenteanorte.com\/wp-content\/uploads\/2023\/12\/pedro-filipe-mendes-cover.jpg",500,500,false],"large":["https:\/\/agenteanorte.com\/wp-content\/uploads\/2023\/12\/pedro-filipe-mendes-cover.jpg",500,500,false],"gs-tiny":["https:\/\/agenteanorte.com\/wp-content\/uploads\/2023\/12\/pedro-filipe-mendes-cover-50x50.jpg",50,50,true],"xl":["https:\/\/agenteanorte.com\/wp-content\/uploads\/2023\/12\/pedro-filipe-mendes-cover.jpg",500,500,false],"xxl":["https:\/\/agenteanorte.com\/wp-content\/uploads\/2023\/12\/pedro-filipe-mendes-cover.jpg",500,500,false],"xxxl":["https:\/\/agenteanorte.com\/wp-content\/uploads\/2023\/12\/pedro-filipe-mendes-cover.jpg",500,500,false],"xxxxl":["https:\/\/agenteanorte.com\/wp-content\/uploads\/2023\/12\/pedro-filipe-mendes-cover.jpg",500,500,false],"xxxxxl":["https:\/\/agenteanorte.com\/wp-content\/uploads\/2023\/12\/pedro-filipe-mendes-cover.jpg",500,500,false],"1536x1536":["https:\/\/agenteanorte.com\/wp-content\/uploads\/2023\/12\/pedro-filipe-mendes-cover.jpg",500,500,false],"2048x2048":["https:\/\/agenteanorte.com\/wp-content\/uploads\/2023\/12\/pedro-filipe-mendes-cover.jpg",500,500,false],"trp-custom-language-flag":["https:\/\/agenteanorte.com\/wp-content\/uploads\/2023\/12\/pedro-filipe-mendes-cover-12x12.jpg",12,12,true]},"uagb_author_info":{"display_name":"agenteanorte","author_link":"https:\/\/agenteanorte.com\/en\/author\/"},"uagb_comment_info":0,"uagb_excerpt":"Partilhar: Biografia Pedro Filipe Mendesnasceu em 1986 na cidade de Olh\u00e3o (Algarve, Portugal), \u00e9 Mestre em\u00a0Teatro_Arte do Ator\u00a0e Licenciado em\u00a0Teatro\u00a0pela\u00a0Universidade de \u00c9vora\u00a0(2004-2009). Inicia o seu percurso teatral em 2001 no grupo escolar\u00a0Teatro da Vida\u00a0(Olh\u00e3o, 2001-2004). Em 2004 \u00e9 convidado para integrar o\u00a0Grupo Acad\u00e9mico de Teatro da Universidade de \u00c9vora, do qual fez parte at\u00e9 2008&hellip;","_links":{"self":[{"href":"https:\/\/agenteanorte.com\/en\/wp-json\/wp\/v2\/ator-exclusivo\/2770","targetHints":{"allow":["GET"]}}],"collection":[{"href":"https:\/\/agenteanorte.com\/en\/wp-json\/wp\/v2\/ator-exclusivo"}],"about":[{"href":"https:\/\/agenteanorte.com\/en\/wp-json\/wp\/v2\/types\/ator-exclusivo"}],"wp:featuredmedia":[{"embeddable":true,"href":"https:\/\/agenteanorte.com\/en\/wp-json\/wp\/v2\/media\/2771"}],"wp:attachment":[{"href":"https:\/\/agenteanorte.com\/en\/wp-json\/wp\/v2\/media?parent=2770"}],"wp:term":[{"taxonomy":"genero","embeddable":true,"href":"https:\/\/agenteanorte.com\/en\/wp-json\/wp\/v2\/genero?post=2770"},{"taxonomy":"caracteristica","embeddable":true,"href":"https:\/\/agenteanorte.com\/en\/wp-json\/wp\/v2\/caracteristica?post=2770"}],"curies":[{"name":"wp","href":"https:\/\/api.w.org\/{rel}","templated":true}]}}